{"id":253,"date":"2021-12-03T16:45:58","date_gmt":"2021-12-03T15:45:58","guid":{"rendered":"https:\/\/cms.pius-institut.at\/?page_id=253"},"modified":"2026-03-18T14:14:00","modified_gmt":"2026-03-18T13:14:00","slug":"private-sonderschule","status":"publish","type":"page","link":"https:\/\/www.pius-institut.at\/?page_id=253","title":{"rendered":"Private Sonderschule"},"content":{"rendered":"\t\t<div data-elementor-type=\"wp-page\" data-elementor-id=\"253\" class=\"elementor elementor-253\">\n\t\t\t\t\t\t<section class=\"elementor-section elementor-top-section elementor-element elementor-element-8b9c513 elementor-section-boxed elementor-section-height-default elementor-section-height-default\" data-id=\"8b9c513\" data-element_type=\"section\" data-e-type=\"section\">\n\t\t\t\t\t\t<div class=\"elementor-container elementor-column-gap-default\">\n\t\t\t\t\t<div class=\"elementor-column elementor-col-100 elementor-top-column elementor-element elementor-element-f3d0616\" data-id=\"f3d0616\" data-element_type=\"column\" data-e-type=\"column\">\n\t\t\t<div class=\"elementor-widget-wrap\">\n\t\t\t\t\t\t\t<\/div>\n\t\t<\/div>\n\t\t\t\t\t<\/div>\n\t\t<\/section>\n\t\t\t\t<section class=\"elementor-section elementor-top-section elementor-element elementor-element-5aecb66 elementor-section-boxed elementor-section-height-default elementor-section-height-default\" data-id=\"5aecb66\" data-element_type=\"section\" data-e-type=\"section\">\n\t\t\t\t\t\t<div class=\"elementor-container elementor-column-gap-default\">\n\t\t\t\t\t<div class=\"elementor-column elementor-col-100 elementor-top-column elementor-element elementor-element-3c142cb\" data-id=\"3c142cb\" data-element_type=\"column\" data-e-type=\"column\">\n\t\t\t<div class=\"elementor-widget-wrap elementor-element-populated\">\n\t\t\t\t\t\t<div class=\"elementor-element elementor-element-23870fb elementor-widget-tablet_extra__width-initial elementor-widget elementor-widget-text-editor\" data-id=\"23870fb\" data-element_type=\"widget\" data-e-type=\"widget\" data-widget_type=\"text-editor.default\">\n\t\t\t\t<div class=\"elementor-widget-container\">\n\t\t\t\t\t\t\t\t\t<p style=\"text-align: center;\"><span style=\"color: #993300;\"><strong>Herzlich Willkommen in der ASO Pius Institut!<\/strong><\/span><\/p>\n<p>Unsere Allgemeine Sonderschule wird als katholische Privatschule mit \u00d6ffentlichkeitsrecht gef\u00fchrt. Die ganzheitliche Bildung der Kinder und Jugendlichen auf der Grundlage des christlichen Menschenbildes sehen alle Verantwortlichen als vorrangige Aufgabe.<\/p>\n<p>Unser wichtigster Leitsatz ist nach wie vor die Aussage von M.T. Scherer, unserere Gr\u00fcnderin.<\/p>\n<p><strong><em>&#8218;Wir wollen das Gramm Gold entdecken, das in jedem Menschen verborgen ist.&#8216;<\/em>\u00a0<\/strong> Dieser Spruch passt sehr gut in die heutige Zeit, wo es um Begabungsf\u00f6rderung jedes einzelnen Kindes geht. Somit war Sr. Maria Theresia Scherer (Gr\u00fcnderin des Pius-Institutes) schon eine Vorreiterin in diesem Bereich.<\/p>\n<p><!-- \/wp:paragraph --><!-- wp:list {\"ordered\":true} --><\/p>\n<ul>\n<li>Wir sind offen f\u00fcr die Bed\u00fcrfnisse der Zeit und f\u00fcr die Anliegen der uns anvertrauten Sch\u00fclerInnen und deren Eltern.<\/li>\n<li>Wir stellen die ganzheitliche Bildung der Kinder und Jugendlichen auf der Grundlage des christlichen Menschenbildes in den Vordergrund.<\/li>\n<li>\u00a0Wir bieten als Weg zur pers\u00f6nlichen Selbstst\u00e4ndigkeit kindgerechten, differenzierten und handlungsorientierten Unterricht an.<\/li>\n<li>Wir sehen uns als liebevolle, konsequente Wegbegleiter zu einer individuellen und erf\u00fcllenden Lebensgestaltung.<\/li>\n<\/ul>\t\t\t\t\t\t\t\t<\/div>\n\t\t\t\t<\/div>\n\t\t\t\t\t<\/div>\n\t\t<\/div>\n\t\t\t\t\t<\/div>\n\t\t<\/section>\n\t\t\t\t<section class=\"elementor-section elementor-top-section elementor-element elementor-element-31875d2 elementor-section-boxed elementor-section-height-default elementor-section-height-default\" data-id=\"31875d2\" data-element_type=\"section\" data-e-type=\"section\">\n\t\t\t\t\t\t<div class=\"elementor-container elementor-column-gap-default\">\n\t\t\t\t\t<div class=\"elementor-column elementor-col-100 elementor-top-column elementor-element elementor-element-1c928b9\" data-id=\"1c928b9\" data-element_type=\"column\" data-e-type=\"column\">\n\t\t\t<div class=\"elementor-widget-wrap elementor-element-populated\">\n\t\t\t\t\t\t<div class=\"elementor-element elementor-element-376ba83 elementor-widget elementor-widget-text-editor\" data-id=\"376ba83\" data-element_type=\"widget\" data-e-type=\"widget\" data-widget_type=\"text-editor.default\">\n\t\t\t\t<div class=\"elementor-widget-container\">\n\t\t\t\t\t\t\t\t\t<p><span style=\"color: #993300;\"><strong>F\u00fcr wen sind wir da?<\/strong><\/span><\/p>\n<p>Unsere Schule ist f\u00fcr alle Kinder und Jugendlichen mit SPF (sonderp\u00e4dagogischer F\u00f6rderbedarf) im schulpflichtigen Alter und in Ausnahmef\u00e4llen dar\u00fcber hinaus bis maximal 18 Jahre da.<\/p>\n<p>Wir bieten unterschiedliche Klassen- und Gruppensettings an, damit wir bestm\u00f6glich auf die individuellen Bed\u00fcrfnisse unserer Sch\u00fclerInnen eingehen k\u00f6nnen.<\/p>\n<p><span style=\"color: #993300;\"><strong>Ein kurzer Einblick in unser Angebot<br><\/strong><\/span><\/p>\n<ul>\n<li>Basale Klassen mit Schwerpunkt Musik und Lebenspraxis<\/li>\n<li>Eingangsklassen f\u00fcr Schulanf\u00e4ngerInnen, sowie f\u00fcr Kinder die vorrangig elementar und spielerisch lernen<\/li>\n<li>Merhstufenklassen im EFB-Bereich (erh\u00f6hter F\u00f6rderbedarf) mit unterschiedlichen Schwerpunktsetzungen<\/li>\n<li>Autismusklassen mit sehr viel Struktur<\/li>\n<li>Mehrstufenklassen im ASO-Bereich (Allgemeine Sonderschule) mit unterschiedlichen Schwerpunktsetzungen<\/li>\n<li>Berufsvorbereitende Klassen mit eigenem Lehrplan<\/li>\n<li>Auszeitgruppen<\/li>\n<li>Intensivsetting<\/li>\n<li>gruppen\u00fcbergreifendes Soziales Lernen<\/li>\n<li>Kreativgruppen<\/li>\n<li>Musikgruppen<\/li>\n<li>Sportgruppen<\/li>\n<li>Schulhund<\/li>\n<\/ul>\n<p>Weiters haben wir eine Kooperation mit Mosaik Kapfenberg, die Therapie vor Ort anbietet um sich gut vernetzen zu k\u00f6nnen:<\/p>\n<p>Logotherapie, Ergotherapie, Physiotherapie, Austismustherapie, psychologische Begleitung,&#8230;<\/p>\n<p><span style=\"color: #993300;\"><strong>Ganztagesschule f\u00fcr alle Sch\u00fcler und Sch\u00fclerinnen (GTS)<br><\/strong><\/span><\/p>\n<p>Im Rahmen der Sch\u00fclerInnenbegleitung bieten wir auch Lehrerstunden (GTS) f\u00fcr folgende F\u00f6rderm\u00f6glichkeiten an:<\/p>\n<ul>\n<li>Hausaufgaben werden vollst\u00e4ndig im Pius Institut erledigt<\/li>\n<li>Das \u00dcben f\u00fcr die Schularbeiten wird im Rahmen dieser Stunden abgedeckt<\/li>\n<li>Individuelle Lesef\u00f6rderung bieten wir an<\/li>\n<li>Projekte am Nachmittag werden zu bestimmten Themen angeboten<\/li>\n<li>Lebensnahe Themen werden praktisch erarbeitet<\/li>\n<li>Soziale Themen werden im Rahmen dieser Einheiten aufgearbeitet<\/li>\n<li>Workshops werden zu unterschiedlichsten Themen angeboten<\/li>\n<li>Das gesamte Mittagessen ist im Sondervertrag inbegriffen<\/li>\n<\/ul>\n<hr>\n<p><!-- \/wp:list --><!-- wp:paragraph --><\/p>\t\t\t\t\t\t\t\t<\/div>\n\t\t\t\t<\/div>\n\t\t\t\t\t<\/div>\n\t\t<\/div>\n\t\t\t\t\t<\/div>\n\t\t<\/section>\n\t\t\t\t<section class=\"elementor-section elementor-top-section elementor-element elementor-element-8595964 elementor-section-boxed elementor-section-height-default elementor-section-height-default\" data-id=\"8595964\" data-element_type=\"section\" data-e-type=\"section\">\n\t\t\t\t\t\t<div class=\"elementor-container elementor-column-gap-default\">\n\t\t\t\t\t<div class=\"elementor-column elementor-col-100 elementor-top-column elementor-element elementor-element-e395bd9\" data-id=\"e395bd9\" data-element_type=\"column\" data-e-type=\"column\">\n\t\t\t<div class=\"elementor-widget-wrap elementor-element-populated\">\n\t\t\t\t\t\t<div class=\"elementor-element elementor-element-d5ac476 eael-team-align-centered elementor-widget elementor-widget-eael-team-member\" data-id=\"d5ac476\" data-element_type=\"widget\" data-e-type=\"widget\" data-widget_type=\"eael-team-member.default\">\n\t\t\t\t<div class=\"elementor-widget-container\">\n\t\t\t\t\t\n\n\t<div id=\"eael-team-member-d5ac476\" class=\"eael-team-item eael-team-members-simple \">\n\t\t<div class=\"eael-team-item-inner\">\n\t\t\t<div class=\"eael-team-image\">\n\t\t\t\t<figure>\n\t\t\t\t\t<img decoding=\"async\" src=\"https:\/\/www.pius-institut.at\/wp-content\/uploads\/2026\/03\/Lehrerin_Moser-Martina-scaled.jpeg\" alt=\"\">\n\t\t\t\t<\/figure>\n\t\t\t\t\n\t\t\t\t\n\t\t\t<\/div>\n\n\t\t\t<div class=\"eael-team-content\">\n\t\t\t\t<h3 class=\"eael-team-member-name\">Dipl.-P\u00e4d. Martina Moser<\/h3>\n\t\t\t\t<h4 class=\"eael-team-member-position\">Direktorin der Sonderschule<\/h4>\n\n\t\t\t\t\t\t\t\t\t\t\t\t\t\t<p class=\"eael-team-text\">\nmartina.moser@pius-institut.at\n\n+433862\/51793-26 oder +43699\/15179326<\/p>\n\t\t\t\t\t\t\t<\/div>\n\t\t<\/div>\n\t<\/div>\n\t\t\t\t\t<\/div>\n\t\t\t\t<\/div>\n\t\t\t\t\t<\/div>\n\t\t<\/div>\n\t\t\t\t\t<\/div>\n\t\t<\/section>\n\t\t\t\t<\/div>\n\t\t","protected":false},"excerpt":{"rendered":"<p>Herzlich Willkommen in der ASO Pius Institut! Unsere Allgemeine Sonderschule wird als katholische Privatschule mit \u00d6ffentlichkeitsrecht gef\u00fchrt. Die ganzheitliche Bildung der Kinder und Jugendlichen auf der Grundlage des christlichen Menschenbildes sehen alle Verantwortlichen als vorrangige Aufgabe. Unser wichtigster Leitsatz ist nach wie vor die Aussage von M.T. Scherer, unserere Gr\u00fcnderin. &#8218;Wir wollen das Gramm Gold [&hellip;]<\/p>\n","protected":false},"author":1,"featured_media":0,"parent":0,"menu_order":0,"comment_status":"closed","ping_status":"closed","template":"","meta":{"footnotes":""},"class_list":["post-253","page","type-page","status-publish","hentry"],"_links":{"self":[{"href":"https:\/\/www.pius-institut.at\/index.php?rest_route=\/wp\/v2\/pages\/253","targetHints":{"allow":["GET"]}}],"collection":[{"href":"https:\/\/www.pius-institut.at\/index.php?rest_route=\/wp\/v2\/pages"}],"about":[{"href":"https:\/\/www.pius-institut.at\/index.php?rest_route=\/wp\/v2\/types\/page"}],"author":[{"embeddable":true,"href":"https:\/\/www.pius-institut.at\/index.php?rest_route=\/wp\/v2\/users\/1"}],"replies":[{"embeddable":true,"href":"https:\/\/www.pius-institut.at\/index.php?rest_route=%2Fwp%2Fv2%2Fcomments&post=253"}],"version-history":[{"count":90,"href":"https:\/\/www.pius-institut.at\/index.php?rest_route=\/wp\/v2\/pages\/253\/revisions"}],"predecessor-version":[{"id":4258,"href":"https:\/\/www.pius-institut.at\/index.php?rest_route=\/wp\/v2\/pages\/253\/revisions\/4258"}],"wp:attachment":[{"href":"https:\/\/www.pius-institut.at\/index.php?rest_route=%2Fwp%2Fv2%2Fmedia&parent=253"}],"curies":[{"name":"wp","href":"https:\/\/api.w.org\/{rel}","templated":true}]}}