{"id":352,"date":"2022-01-08T17:27:31","date_gmt":"2022-01-08T16:27:31","guid":{"rendered":"https:\/\/cms.pius-institut.at\/?page_id=352"},"modified":"2025-09-01T11:28:37","modified_gmt":"2025-09-01T09:28:37","slug":"bistro-aktiv","status":"publish","type":"page","link":"https:\/\/www.pius-institut.at\/?page_id=352","title":{"rendered":"bistro aktiv"},"content":{"rendered":"\t\t<div data-elementor-type=\"wp-page\" data-elementor-id=\"352\" class=\"elementor elementor-352\">\n\t\t\t\t\t\t<section class=\"elementor-section elementor-top-section elementor-element elementor-element-b6e9242 elementor-section-boxed elementor-section-height-default elementor-section-height-default\" data-id=\"b6e9242\" data-element_type=\"section\" data-e-type=\"section\">\n\t\t\t\t\t\t<div class=\"elementor-container elementor-column-gap-default\">\n\t\t\t\t\t<div class=\"elementor-column elementor-col-100 elementor-top-column elementor-element elementor-element-0020ab4\" data-id=\"0020ab4\" data-element_type=\"column\" data-e-type=\"column\">\n\t\t\t<div class=\"elementor-widget-wrap elementor-element-populated\">\n\t\t\t\t\t\t<div class=\"elementor-element elementor-element-e871e6c elementor-widget elementor-widget-image\" data-id=\"e871e6c\" data-element_type=\"widget\" data-e-type=\"widget\" data-widget_type=\"image.default\">\n\t\t\t\t<div class=\"elementor-widget-container\">\n\t\t\t\t\t\t\t\t\t\t\t\t\t\t\t<img fetchpriority=\"high\" decoding=\"async\" width=\"768\" height=\"166\" src=\"https:\/\/www.pius-institut.at\/wp-content\/uploads\/2023\/07\/62521416_2192916654156508_7181783242784112640_n-768x166.jpg\" class=\"attachment-medium_large size-medium_large wp-image-2117\" alt=\"\" srcset=\"http:\/\/www.pius-institut.at\/wp-content\/uploads\/2023\/07\/62521416_2192916654156508_7181783242784112640_n-768x166.jpg 768w, http:\/\/www.pius-institut.at\/wp-content\/uploads\/2023\/07\/62521416_2192916654156508_7181783242784112640_n-300x65.jpg 300w, http:\/\/www.pius-institut.at\/wp-content\/uploads\/2023\/07\/62521416_2192916654156508_7181783242784112640_n-1024x221.jpg 1024w, http:\/\/www.pius-institut.at\/wp-content\/uploads\/2023\/07\/62521416_2192916654156508_7181783242784112640_n.jpg 1358w\" sizes=\"(max-width: 768px) 100vw, 768px\" \/>\t\t\t\t\t\t\t\t\t\t\t\t\t\t\t<\/div>\n\t\t\t\t<\/div>\n\t\t\t\t\t<\/div>\n\t\t<\/div>\n\t\t\t\t\t<\/div>\n\t\t<\/section>\n\t\t\t\t<section class=\"elementor-section elementor-top-section elementor-element elementor-element-75d5d86 elementor-section-boxed elementor-section-height-default elementor-section-height-default\" data-id=\"75d5d86\" data-element_type=\"section\" data-e-type=\"section\">\n\t\t\t\t\t\t<div class=\"elementor-container elementor-column-gap-default\">\n\t\t\t\t\t<div class=\"elementor-column elementor-col-100 elementor-top-column elementor-element elementor-element-d0a1243\" data-id=\"d0a1243\" data-element_type=\"column\" data-e-type=\"column\">\n\t\t\t<div class=\"elementor-widget-wrap elementor-element-populated\">\n\t\t\t\t\t\t<div class=\"elementor-element elementor-element-316eaf4 elementor-widget elementor-widget-text-editor\" data-id=\"316eaf4\" data-element_type=\"widget\" data-e-type=\"widget\" data-widget_type=\"text-editor.default\">\n\t\t\t\t<div class=\"elementor-widget-container\">\n\t\t\t\t\t\t\t\t\t<p class=\"paragraph_style\">Das bistro <span class=\"style\">aktiv<\/span> ist seit 2018 eine weitere ebenso beliebte\u00a0 Au\u00dfenstelle des Pius-Instituts. Auch hier k\u00f6nnen Jugendlich und Erwachsene eine maximal 3-j\u00e4hrige Anlehre als Gastronomiefachkraft und\/oder Koch\/K\u00f6chin absolvieren.<\/p><p class=\"paragraph_style\">Gemeinsam verw\u00f6hnen wir\u00a0 unsere G\u00e4ste mit einem gut sortierten kulinarischen Angebot und bieten viele Aktivit\u00e4ten rund ums Jahr an.<\/p><p class=\"paragraph_style\" style=\"text-align: left;\">In unserem Angebot finden Sie:<\/p><ul style=\"text-align: left;\"><li class=\"paragraph_style_1\"><span class=\"Aufz\u00e4hlungszeichen\">in<\/span>ternationale Eint\u00f6pfe und Suppen<\/li><li class=\"paragraph_style_1\">Snacks und kleine Salate<\/li><li class=\"paragraph_style_1\">frischgepresste Fruchts\u00e4fte<\/li><li class=\"paragraph_style_1\">Br\u00f6tchen (auf Bestellung), Catering<\/li><li class=\"paragraph_style_1\">Mehlspeisen aus der Backstube des Cafe aktiv vervollst\u00e4ndigen Ihren Besuch bei uns<\/li><\/ul><p class=\"paragraph_style\" style=\"text-align: left;\"><span class=\"style_1\">Nehmen Sie sich eine Portion von der guten Stimmung unserer Mitarbeiterinnen und Mitarbeiter sowie dem freundlichen Ambiente mit!<\/span><\/p>\t\t\t\t\t\t\t\t<\/div>\n\t\t\t\t<\/div>\n\t\t\t\t\t<\/div>\n\t\t<\/div>\n\t\t\t\t\t<\/div>\n\t\t<\/section>\n\t\t\t\t<section class=\"elementor-section elementor-top-section elementor-element elementor-element-c87f69c elementor-section-boxed elementor-section-height-default elementor-section-height-default\" data-id=\"c87f69c\" data-element_type=\"section\" data-e-type=\"section\">\n\t\t\t\t\t\t<div class=\"elementor-container elementor-column-gap-default\">\n\t\t\t\t\t<div class=\"elementor-column elementor-col-100 elementor-top-column elementor-element elementor-element-558b9df\" data-id=\"558b9df\" data-element_type=\"column\" data-e-type=\"column\">\n\t\t\t<div class=\"elementor-widget-wrap elementor-element-populated\">\n\t\t\t\t\t\t<div class=\"elementor-element elementor-element-85f9416 elementor-widget__width-initial elementor-widget elementor-widget-text-editor\" data-id=\"85f9416\" data-element_type=\"widget\" data-e-type=\"widget\" data-widget_type=\"text-editor.default\">\n\t\t\t\t<div class=\"elementor-widget-container\">\n\t\t\t\t\t\t\t\t\t<h3><a href=\"https:\/\/www.facebook.com\/people\/bistro-Bruck-an-der-Mur\/100057457037784\/\">Hier finden Sie den aktuellen Speiseplan<\/a><\/h3>\t\t\t\t\t\t\t\t<\/div>\n\t\t\t\t<\/div>\n\t\t\t\t\t<\/div>\n\t\t<\/div>\n\t\t\t\t\t<\/div>\n\t\t<\/section>\n\t\t\t\t<section class=\"elementor-section elementor-top-section elementor-element elementor-element-dfa32da elementor-section-boxed elementor-section-height-default elementor-section-height-default\" data-id=\"dfa32da\" data-element_type=\"section\" data-e-type=\"section\">\n\t\t\t\t\t\t<div class=\"elementor-container elementor-column-gap-default\">\n\t\t\t\t\t<div class=\"elementor-column elementor-col-100 elementor-top-column elementor-element elementor-element-1309b04\" data-id=\"1309b04\" data-element_type=\"column\" data-e-type=\"column\">\n\t\t\t<div class=\"elementor-widget-wrap elementor-element-populated\">\n\t\t\t\t\t\t<div class=\"elementor-element elementor-element-20e2f3d elementor-widget elementor-widget-toggle\" data-id=\"20e2f3d\" data-element_type=\"widget\" data-e-type=\"widget\" data-widget_type=\"toggle.default\">\n\t\t\t\t<div class=\"elementor-widget-container\">\n\t\t\t\t\t\t\t<div class=\"elementor-toggle\">\n\t\t\t\t\t\t\t<div class=\"elementor-toggle-item\">\n\t\t\t\t\t<div id=\"elementor-tab-title-3441\" class=\"elementor-tab-title\" data-tab=\"1\" role=\"button\" aria-controls=\"elementor-tab-content-3441\" aria-expanded=\"false\">\n\t\t\t\t\t\t\t\t\t\t\t\t<span class=\"elementor-toggle-icon elementor-toggle-icon-left\" aria-hidden=\"true\">\n\t\t\t\t\t\t\t\t\t\t\t\t\t\t\t<span class=\"elementor-toggle-icon-closed\"><i class=\"fas fa-caret-right\"><\/i><\/span>\n\t\t\t\t\t\t\t\t<span class=\"elementor-toggle-icon-opened\"><i class=\"elementor-toggle-icon-opened fas fa-caret-up\"><\/i><\/span>\n\t\t\t\t\t\t\t\t\t\t\t\t\t<\/span>\n\t\t\t\t\t\t\t\t\t\t\t\t<a class=\"elementor-toggle-title\" tabindex=\"0\">\u00d6ffnungszeiten<\/a>\n\t\t\t\t\t<\/div>\n\n\t\t\t\t\t<div id=\"elementor-tab-content-3441\" class=\"elementor-tab-content elementor-clearfix\" data-tab=\"1\" role=\"region\" aria-labelledby=\"elementor-tab-title-3441\"><p class=\"paragraph_style\">Montag \u2013 Freitag | 7:00 \u2013 15:00 Uhr<\/p><p class=\"paragraph_style\">Warme Speisen von 11:00 \u2013 14:00 Uhr<\/p><p class=\"paragraph_style\">Gerne sind wir auch nach Vereinbarung au\u00dferhalb unserer \u00d6ffnungszeiten f\u00fcr Sie da.<\/p><\/div>\n\t\t\t\t<\/div>\n\t\t\t\t\t\t\t\t<\/div>\n\t\t\t\t\t\t<\/div>\n\t\t\t\t<\/div>\n\t\t\t\t\t<\/div>\n\t\t<\/div>\n\t\t\t\t\t<\/div>\n\t\t<\/section>\n\t\t\t\t<section class=\"elementor-section elementor-top-section elementor-element elementor-element-99c1990 elementor-section-boxed elementor-section-height-default elementor-section-height-default\" data-id=\"99c1990\" data-element_type=\"section\" data-e-type=\"section\">\n\t\t\t\t\t\t<div class=\"elementor-container elementor-column-gap-default\">\n\t\t\t\t\t<div class=\"elementor-column elementor-col-100 elementor-top-column elementor-element elementor-element-132ef43\" data-id=\"132ef43\" data-element_type=\"column\" data-e-type=\"column\">\n\t\t\t<div class=\"elementor-widget-wrap elementor-element-populated\">\n\t\t\t\t\t\t<div class=\"elementor-element elementor-element-8575221 elementor-widget elementor-widget-google_maps\" data-id=\"8575221\" data-element_type=\"widget\" data-e-type=\"widget\" data-widget_type=\"google_maps.default\">\n\t\t\t\t<div class=\"elementor-widget-container\">\n\t\t\t\t\t\t\t<div class=\"elementor-custom-embed\">\n\t\t\t<iframe loading=\"lazy\"\n\t\t\t\t\tsrc=\"https:\/\/maps.google.com\/maps?q=Roseggerstra%C3%9Fe%2016%2C%208600%20Bruck&#038;t=m&#038;z=14&#038;output=embed&#038;iwloc=near\"\n\t\t\t\t\ttitle=\"Roseggerstra\u00dfe 16, 8600 Bruck\"\n\t\t\t\t\taria-label=\"Roseggerstra\u00dfe 16, 8600 Bruck\"\n\t\t\t><\/iframe>\n\t\t<\/div>\n\t\t\t\t\t\t<\/div>\n\t\t\t\t<\/div>\n\t\t\t\t\t<\/div>\n\t\t<\/div>\n\t\t\t\t\t<\/div>\n\t\t<\/section>\n\t\t\t\t<section class=\"elementor-section elementor-top-section elementor-element elementor-element-45d84f6 elementor-section-boxed elementor-section-height-default elementor-section-height-default\" data-id=\"45d84f6\" data-element_type=\"section\" data-e-type=\"section\">\n\t\t\t\t\t\t<div class=\"elementor-container elementor-column-gap-default\">\n\t\t\t\t\t<div class=\"elementor-column elementor-col-100 elementor-top-column elementor-element elementor-element-40f0e39\" data-id=\"40f0e39\" data-element_type=\"column\" data-e-type=\"column\">\n\t\t\t<div class=\"elementor-widget-wrap elementor-element-populated\">\n\t\t\t\t\t\t<div class=\"elementor-element elementor-element-db57572 eael-team-align-centered elementor-widget elementor-widget-eael-team-member\" data-id=\"db57572\" data-element_type=\"widget\" data-e-type=\"widget\" data-widget_type=\"eael-team-member.default\">\n\t\t\t\t<div class=\"elementor-widget-container\">\n\t\t\t\t\t\n\n\t<div id=\"eael-team-member-db57572\" class=\"eael-team-item eael-team-members-simple \">\n\t\t<div class=\"eael-team-item-inner\">\n\t\t\t<div class=\"eael-team-image\">\n\t\t\t\t<figure>\n\t\t\t\t\t<img decoding=\"async\" src=\"\" alt=\"\">\n\t\t\t\t<\/figure>\n\t\t\t\t\n\t\t\t\t\n\t\t\t<\/div>\n\n\t\t\t<div class=\"eael-team-content\">\n\t\t\t\t<h3 class=\"eael-team-member-name\">Team Bistro Aktiv<\/h3>\n\t\t\t\t<h4 class=\"eael-team-member-position\"><\/h4>\n\n\t\t\t\t\t\t\t\t\t\t\t\t\t\t<p class=\"eael-team-text\">\n\n+43699\/151793-29 ||\n\nbistro@pius-institut.at\n<\/p>\n\t\t\t\t\t\t\t<\/div>\n\t\t<\/div>\n\t<\/div>\n\t\t\t\t\t<\/div>\n\t\t\t\t<\/div>\n\t\t\t\t\t<\/div>\n\t\t<\/div>\n\t\t\t\t\t<\/div>\n\t\t<\/section>\n\t\t\t\t<\/div>\n\t\t","protected":false},"excerpt":{"rendered":"<p>Das bistro aktiv ist seit 2018 eine weitere ebenso beliebte\u00a0 Au\u00dfenstelle des Pius-Instituts. Auch hier k\u00f6nnen Jugendlich und Erwachsene eine maximal 3-j\u00e4hrige Anlehre als Gastronomiefachkraft und\/oder Koch\/K\u00f6chin absolvieren. Gemeinsam verw\u00f6hnen wir\u00a0 unsere G\u00e4ste mit einem gut sortierten kulinarischen Angebot und bieten viele Aktivit\u00e4ten rund ums Jahr an. In unserem Angebot finden Sie: internationale Eint\u00f6pfe und [&hellip;]<\/p>\n","protected":false},"author":1,"featured_media":0,"parent":0,"menu_order":0,"comment_status":"closed","ping_status":"closed","template":"","meta":{"footnotes":""},"class_list":["post-352","page","type-page","status-publish","hentry"],"_links":{"self":[{"href":"https:\/\/www.pius-institut.at\/index.php?rest_route=\/wp\/v2\/pages\/352","targetHints":{"allow":["GET"]}}],"collection":[{"href":"https:\/\/www.pius-institut.at\/index.php?rest_route=\/wp\/v2\/pages"}],"about":[{"href":"https:\/\/www.pius-institut.at\/index.php?rest_route=\/wp\/v2\/types\/page"}],"author":[{"embeddable":true,"href":"https:\/\/www.pius-institut.at\/index.php?rest_route=\/wp\/v2\/users\/1"}],"replies":[{"embeddable":true,"href":"https:\/\/www.pius-institut.at\/index.php?rest_route=%2Fwp%2Fv2%2Fcomments&post=352"}],"version-history":[{"count":76,"href":"https:\/\/www.pius-institut.at\/index.php?rest_route=\/wp\/v2\/pages\/352\/revisions"}],"predecessor-version":[{"id":3942,"href":"https:\/\/www.pius-institut.at\/index.php?rest_route=\/wp\/v2\/pages\/352\/revisions\/3942"}],"wp:attachment":[{"href":"https:\/\/www.pius-institut.at\/index.php?rest_route=%2Fwp%2Fv2%2Fmedia&parent=352"}],"curies":[{"name":"wp","href":"https:\/\/api.w.org\/{rel}","templated":true}]}}