{"id":362,"date":"2022-01-08T17:29:11","date_gmt":"2022-01-08T16:29:11","guid":{"rendered":"https:\/\/cms.pius-institut.at\/?page_id=362"},"modified":"2024-04-09T12:11:23","modified_gmt":"2024-04-09T10:11:23","slug":"paed-begleitung-berufliche-inklusion","status":"publish","type":"page","link":"https:\/\/www.pius-institut.at\/?page_id=362","title":{"rendered":"P\u00e4d. Begleitung\/ Berufliche Inklusion"},"content":{"rendered":"\t\t<div data-elementor-type=\"wp-page\" data-elementor-id=\"362\" class=\"elementor elementor-362\">\n\t\t\t\t\t\t<section class=\"elementor-section elementor-top-section elementor-element elementor-element-280fc61 elementor-section-boxed elementor-section-height-default elementor-section-height-default\" data-id=\"280fc61\" data-element_type=\"section\" data-e-type=\"section\">\n\t\t\t\t\t\t<div class=\"elementor-container elementor-column-gap-default\">\n\t\t\t\t\t<div class=\"elementor-column elementor-col-100 elementor-top-column elementor-element elementor-element-b2a618d\" data-id=\"b2a618d\" data-element_type=\"column\" data-e-type=\"column\">\n\t\t\t<div class=\"elementor-widget-wrap elementor-element-populated\">\n\t\t\t\t\t\t<div class=\"elementor-element elementor-element-4929865 elementor-arrows-position-inside elementor-pagination-position-outside elementor-widget elementor-widget-image-carousel\" data-id=\"4929865\" data-element_type=\"widget\" data-e-type=\"widget\" data-settings=\"{&quot;navigation&quot;:&quot;both&quot;,&quot;autoplay&quot;:&quot;yes&quot;,&quot;pause_on_hover&quot;:&quot;yes&quot;,&quot;pause_on_interaction&quot;:&quot;yes&quot;,&quot;autoplay_speed&quot;:5000,&quot;infinite&quot;:&quot;yes&quot;,&quot;speed&quot;:500}\" data-widget_type=\"image-carousel.default\">\n\t\t\t\t<div class=\"elementor-widget-container\">\n\t\t\t\t\t\t\t<div class=\"elementor-image-carousel-wrapper swiper\" role=\"region\" aria-roledescription=\"carousel\" aria-label=\"Image Carousel\" dir=\"ltr\">\n\t\t\t<div class=\"elementor-image-carousel swiper-wrapper\" aria-live=\"off\">\n\t\t\t\t\t\t\t\t<div class=\"swiper-slide\" role=\"group\" aria-roledescription=\"slide\" aria-label=\"1 of 3\"><figure class=\"swiper-slide-inner\"><img decoding=\"async\" class=\"swiper-slide-image\" src=\"https:\/\/www.pius-institut.at\/wp-content\/uploads\/2024\/04\/Salzger-scaled.jpg\" alt=\"Salzger\" \/><\/figure><\/div><div class=\"swiper-slide\" role=\"group\" aria-roledescription=\"slide\" aria-label=\"2 of 3\"><figure class=\"swiper-slide-inner\"><img decoding=\"async\" class=\"swiper-slide-image\" src=\"https:\/\/www.pius-institut.at\/wp-content\/uploads\/2024\/01\/IMG_2865-scaled.jpg\" alt=\"IMG_2865\" \/><\/figure><\/div><div class=\"swiper-slide\" role=\"group\" aria-roledescription=\"slide\" aria-label=\"3 of 3\"><figure class=\"swiper-slide-inner\"><img decoding=\"async\" class=\"swiper-slide-image\" src=\"https:\/\/www.pius-institut.at\/wp-content\/uploads\/2024\/01\/IMG_0553-scaled.jpg\" alt=\"IMG_0553\" \/><\/figure><\/div>\t\t\t<\/div>\n\t\t\t\t\t\t\t\t\t\t\t\t<div class=\"elementor-swiper-button elementor-swiper-button-prev\" role=\"button\" tabindex=\"0\">\n\t\t\t\t\t\t<i aria-hidden=\"true\" class=\"eicon-chevron-left\"><\/i>\t\t\t\t\t<\/div>\n\t\t\t\t\t<div class=\"elementor-swiper-button elementor-swiper-button-next\" role=\"button\" tabindex=\"0\">\n\t\t\t\t\t\t<i aria-hidden=\"true\" class=\"eicon-chevron-right\"><\/i>\t\t\t\t\t<\/div>\n\t\t\t\t\n\t\t\t\t\t\t\t\t\t<div class=\"swiper-pagination\"><\/div>\n\t\t\t\t\t\t\t\t\t<\/div>\n\t\t\t\t\t\t<\/div>\n\t\t\t\t<\/div>\n\t\t\t\t\t<\/div>\n\t\t<\/div>\n\t\t\t\t\t<\/div>\n\t\t<\/section>\n\t\t\t\t<section class=\"elementor-section elementor-top-section elementor-element elementor-element-e6ef874 elementor-section-boxed elementor-section-height-default elementor-section-height-default\" data-id=\"e6ef874\" data-element_type=\"section\" data-e-type=\"section\">\n\t\t\t\t\t\t<div class=\"elementor-container elementor-column-gap-default\">\n\t\t\t\t\t<div class=\"elementor-column elementor-col-50 elementor-top-column elementor-element elementor-element-6278b6e\" data-id=\"6278b6e\" data-element_type=\"column\" data-e-type=\"column\">\n\t\t\t<div class=\"elementor-widget-wrap\">\n\t\t\t\t\t\t\t<\/div>\n\t\t<\/div>\n\t\t\t\t<div class=\"elementor-column elementor-col-50 elementor-top-column elementor-element elementor-element-f21d76e\" data-id=\"f21d76e\" data-element_type=\"column\" data-e-type=\"column\">\n\t\t\t<div class=\"elementor-widget-wrap elementor-element-populated\">\n\t\t\t\t\t\t<div class=\"elementor-element elementor-element-aed2967 elementor-widget elementor-widget-text-editor\" data-id=\"aed2967\" data-element_type=\"widget\" data-e-type=\"widget\" data-widget_type=\"text-editor.default\">\n\t\t\t\t<div class=\"elementor-widget-container\">\n\t\t\t\t\t\t\t\t\t<div id=\"id2\" class=\"style_SkipStroke_2 shape-with-text\"><div class=\"text-content graphic_textbox_layout_style_default_External_500_24\"><div class=\"graphic_textbox_layout_style_default\"><p class=\"paragraph_style\"><span style=\"color: #993300;\"><strong>P\u00e4dagogische Begleitung und berufliche Inklusion<\/strong><\/span><\/p><\/div><\/div><\/div><div id=\"id3\" class=\"style_SkipStroke_2 shape-with-text\"><div class=\"text-content graphic_textbox_layout_style_default_External_600_1192\"><div class=\"graphic_textbox_layout_style_default\"><p class=\"paragraph_style_1\"><span class=\"style\">Die\u00a0<\/span><em><strong>Teilqualifizierungslehre (Integrative Berufsausbildung \u00a7 8b Abs. 2 BAG)<\/strong><\/em><span class=\"style\">\u00a0kann aufgrund gesetzlicher Weisung des Landes Steiermark derzeit nicht angeboten werden (Subsidiarit\u00e4t).<\/span><\/p><p class=\"paragraph_style_2\">Mit dem neuen Angebot der\u00a0<em><strong><span class=\"style_1\">ANLEHRE<\/span><\/strong><\/em>\u00a0versuchen wir nun den M\u00f6glichkeiten der TQL so nahe als m\u00f6glich zu kommen. Die ersten TeilnehmerInnen beginnen am 1. April 2017.<\/p><p class=\"paragraph_style_3\"><span style=\"text-decoration: underline;\">Zielgruppe<\/span><\/p><p class=\"paragraph_style_2\">Sowohl KlientInnen mit dem Leistungsbescheid des Landes Steiermark \u201eTagesbegleitung und F\u00f6rderung\u201c als auch \u201eTeilhabe an Besch\u00e4ftigung in der Arbeitswelt\u201c haben die M\u00f6glichkeit, innerhalb einer festgelegten Zeitspanne, fundierte fachliche und arbeitsrelevante Kenntnisse in einem unserer Leistungsbereiche zu erlernen und ein dementsprechendes Zertifikat zu erhalten.<\/p><p class=\"paragraph_style_2\">Diese Kenntnisse stellen eine Grundqualifikation dar und dienen im besten Falle als Vorqualifikation beim Versuch einer Inklusion am 1. Arbeitsmarkt.<\/p><p class=\"paragraph_style_3\"><span style=\"text-decoration: underline;\">Grunds\u00e4tze<\/span><\/p><p class=\"paragraph_style_2\">Ausgangspunkt sind, wie bisher, die Lerninhalte der Berufsbilder entsprechend der WKO (Bereich Besch\u00e4ftigung-Dienstleistungen) bzw. entsprechend der Lerninhalte der Leistungsbereiche im Kreativ-Produktiven Besch\u00e4ftigungsbereich (Bereich KunstWerk).<\/p><p class=\"paragraph_style_2\"><strong>M\u00f6gliche Berufsrichtungen:<\/strong><\/p><ul><li class=\"full-width\"><p class=\"paragraph_style_4\">Friedhofs- und Zierg\u00e4rtnerei<\/p><\/li><li class=\"full-width\"><p class=\"paragraph_style_4\">Landschaftsg\u00e4rtnerei<\/p><\/li><li class=\"full-width\"><p class=\"paragraph_style_4\">Tischlerei<\/p><\/li><li class=\"full-width\"><p class=\"paragraph_style_4\">Gastronomie mit Schwerpunkt Service\/Backstube<\/p><\/li><li class=\"full-width\"><p class=\"paragraph_style_4\">vereinfachte Anlehre im Bereich Kunst aktiv<\/p><\/li><\/ul><p class=\"paragraph_style_2\">Die Ausbildungsziele werden entsprechend der Bed\u00fcrfnisse, F\u00e4higkeiten und Fertigkeiten der TeilnehmerInnen individuell abgestimmt und in der \u201eVereinbarung zur Durchf\u00fchrung einer Anlehre\u201c festgehalten. Die Ziele k\u00f6nnen jedoch je nach Entwicklung im Laufe der Ausbildungszeit erweitert bzw. gek\u00fcrzt werden und werden in 2 Zwischenpr\u00fcfungen evaluiert.<\/p><p class=\"paragraph_style_2\">Die Teilnahme an Basisbildungseinheiten ist im Rahmen der Anlehre verpflichtend. Weiters werden seitens der P\u00e4dagogischen Begleiterin Workshops zur Erlangung und St\u00e4rkung pers\u00f6nlicher, sozialer und beruflicher Schl\u00fcsselkompetenzen angeboten. KlientInnen entscheiden \u00fcber ihre Teilnahme selbstverantwortlich. W\u00e4hrend der gesamten Ausbildungsdauer (individuell 1,5 bis 3 Jahre) werden Praktika in externen Betrieben absolviert. Zum Abschluss wird vor einer\/einem externen WKO-ExpertIn eine m\u00fcndliche und praktische Pr\u00fcfung (wie z.B. Werkst\u00fcck in der Tischlerei\/Bepflanzung eines Beetes im Bereich Friedhofs- und Zierg\u00e4rtner usw.) abgelegt werden.<\/p><p class=\"paragraph_style_1\"><span style=\"color: #993300;\"><strong>P\u00e4dagogische Begleitung und Fachkraft nach EUSE<\/strong><\/span><\/p><p class=\"paragraph_style_2\">Ein spezielles F\u00f6rderinstrument im Pius-Institut stellt die zus\u00e4tzliche Besch\u00e4ftigung einer \u201eP\u00e4dagogischen Begleitung\u201c und einer \u201eFachkraft entsprechend den Standards und Prinzipien Europ\u00e4ischer Werkzeugkoffer f\u00fcr unterst\u00fctzte Besch\u00e4ftigung\u201c der EUSE dar. Beide, p\u00e4dagogische Begleitung und Fachkraft, sind entsprechend individueller Bed\u00fcrfnisse wirksam und bieten weitere M\u00f6glichkeiten im Bereich physischer, sozialer und funktionaler Inklusion ins Berufsleben.<\/p><\/div><\/div><\/div>\t\t\t\t\t\t\t\t<\/div>\n\t\t\t\t<\/div>\n\t\t\t\t\t<\/div>\n\t\t<\/div>\n\t\t\t\t\t<\/div>\n\t\t<\/section>\n\t\t\t\t<section class=\"elementor-section elementor-top-section elementor-element elementor-element-31194df elementor-section-boxed elementor-section-height-default elementor-section-height-default\" data-id=\"31194df\" data-element_type=\"section\" data-e-type=\"section\">\n\t\t\t\t\t\t<div class=\"elementor-container elementor-column-gap-default\">\n\t\t\t\t\t<div class=\"elementor-column elementor-col-100 elementor-top-column elementor-element elementor-element-6a9b1f9\" data-id=\"6a9b1f9\" data-element_type=\"column\" data-e-type=\"column\">\n\t\t\t<div class=\"elementor-widget-wrap elementor-element-populated\">\n\t\t\t\t\t\t<div class=\"elementor-element elementor-element-405ab83 elementor-widget-mobile__width-initial elementor-widget elementor-widget-toggle\" data-id=\"405ab83\" data-element_type=\"widget\" data-e-type=\"widget\" data-widget_type=\"toggle.default\">\n\t\t\t\t<div class=\"elementor-widget-container\">\n\t\t\t\t\t\t\t<div class=\"elementor-toggle\">\n\t\t\t\t\t\t\t<div class=\"elementor-toggle-item\">\n\t\t\t\t\t<div id=\"elementor-tab-title-6741\" class=\"elementor-tab-title\" data-tab=\"1\" role=\"button\" aria-controls=\"elementor-tab-content-6741\" aria-expanded=\"false\">\n\t\t\t\t\t\t\t\t\t\t\t\t<span class=\"elementor-toggle-icon elementor-toggle-icon-left\" aria-hidden=\"true\">\n\t\t\t\t\t\t\t\t\t\t\t\t\t\t\t<span class=\"elementor-toggle-icon-closed\"><i class=\"fas fa-caret-right\"><\/i><\/span>\n\t\t\t\t\t\t\t\t<span class=\"elementor-toggle-icon-opened\"><i class=\"elementor-toggle-icon-opened fas fa-caret-up\"><\/i><\/span>\n\t\t\t\t\t\t\t\t\t\t\t\t\t<\/span>\n\t\t\t\t\t\t\t\t\t\t\t\t<a class=\"elementor-toggle-title\" tabindex=\"0\">Basisbildung (verpflichtende Teilnahme)<\/a>\n\t\t\t\t\t<\/div>\n\n\t\t\t\t\t<div id=\"elementor-tab-content-6741\" class=\"elementor-tab-content elementor-clearfix\" data-tab=\"1\" role=\"region\" aria-labelledby=\"elementor-tab-title-6741\"><p class=\"paragraph_style_2\">Sie wird von der p\u00e4dagogischen Begleitung angeboten. Der Schwerpunkt liegt im Lernen, weil Schreiben, Lesen, Rechnen und IKT als prim\u00e4r notwendig und als Voraussetzung f\u00fcr den Erwerb weiterer Kompetenzen betrachtet werden.<\/p><\/div>\n\t\t\t\t<\/div>\n\t\t\t\t\t\t\t<div class=\"elementor-toggle-item\">\n\t\t\t\t\t<div id=\"elementor-tab-title-6742\" class=\"elementor-tab-title\" data-tab=\"2\" role=\"button\" aria-controls=\"elementor-tab-content-6742\" aria-expanded=\"false\">\n\t\t\t\t\t\t\t\t\t\t\t\t<span class=\"elementor-toggle-icon elementor-toggle-icon-left\" aria-hidden=\"true\">\n\t\t\t\t\t\t\t\t\t\t\t\t\t\t\t<span class=\"elementor-toggle-icon-closed\"><i class=\"fas fa-caret-right\"><\/i><\/span>\n\t\t\t\t\t\t\t\t<span class=\"elementor-toggle-icon-opened\"><i class=\"elementor-toggle-icon-opened fas fa-caret-up\"><\/i><\/span>\n\t\t\t\t\t\t\t\t\t\t\t\t\t<\/span>\n\t\t\t\t\t\t\t\t\t\t\t\t<a class=\"elementor-toggle-title\" tabindex=\"0\">Workshops (selbstverantwortliche Teilnahme)<\/a>\n\t\t\t\t\t<\/div>\n\n\t\t\t\t\t<div id=\"elementor-tab-content-6742\" class=\"elementor-tab-content elementor-clearfix\" data-tab=\"2\" role=\"region\" aria-labelledby=\"elementor-tab-title-6742\"><p>TeilnehmerInnen entscheiden eigenverantwortlich \u00fcber Themen, Inhalte und Teilnahme (Umgang mit Gewalt, K\u00f6rpersprache, sich pr\u00e4sentieren, &#8230;)<\/p><\/div>\n\t\t\t\t<\/div>\n\t\t\t\t\t\t\t<div class=\"elementor-toggle-item\">\n\t\t\t\t\t<div id=\"elementor-tab-title-6743\" class=\"elementor-tab-title\" data-tab=\"3\" role=\"button\" aria-controls=\"elementor-tab-content-6743\" aria-expanded=\"false\">\n\t\t\t\t\t\t\t\t\t\t\t\t<span class=\"elementor-toggle-icon elementor-toggle-icon-left\" aria-hidden=\"true\">\n\t\t\t\t\t\t\t\t\t\t\t\t\t\t\t<span class=\"elementor-toggle-icon-closed\"><i class=\"fas fa-caret-right\"><\/i><\/span>\n\t\t\t\t\t\t\t\t<span class=\"elementor-toggle-icon-opened\"><i class=\"elementor-toggle-icon-opened fas fa-caret-up\"><\/i><\/span>\n\t\t\t\t\t\t\t\t\t\t\t\t\t<\/span>\n\t\t\t\t\t\t\t\t\t\t\t\t<a class=\"elementor-toggle-title\" tabindex=\"0\">Arbeitstraining\/Kooperation\/berufliche Inklusion<\/a>\n\t\t\t\t\t<\/div>\n\n\t\t\t\t\t<div id=\"elementor-tab-content-6743\" class=\"elementor-tab-content elementor-clearfix\" data-tab=\"3\" role=\"region\" aria-labelledby=\"elementor-tab-title-6743\"><p class=\"paragraph_style_2\">Berufliche Inklusion beginnt noch vor der Aus\u00fcbung\/dem Erlernen eines Berufes. Sie beginnt bereits mit der bewussten Auseinandersetzung mit eigenen beruflichen W\u00fcnschen, Vorstellungen, Interessen, Kompetenzen und Hindernissen.<\/p><\/div>\n\t\t\t\t<\/div>\n\t\t\t\t\t\t\t<div class=\"elementor-toggle-item\">\n\t\t\t\t\t<div id=\"elementor-tab-title-6744\" class=\"elementor-tab-title\" data-tab=\"4\" role=\"button\" aria-controls=\"elementor-tab-content-6744\" aria-expanded=\"false\">\n\t\t\t\t\t\t\t\t\t\t\t\t<span class=\"elementor-toggle-icon elementor-toggle-icon-left\" aria-hidden=\"true\">\n\t\t\t\t\t\t\t\t\t\t\t\t\t\t\t<span class=\"elementor-toggle-icon-closed\"><i class=\"fas fa-caret-right\"><\/i><\/span>\n\t\t\t\t\t\t\t\t<span class=\"elementor-toggle-icon-opened\"><i class=\"elementor-toggle-icon-opened fas fa-caret-up\"><\/i><\/span>\n\t\t\t\t\t\t\t\t\t\t\t\t\t<\/span>\n\t\t\t\t\t\t\t\t\t\t\t\t<a class=\"elementor-toggle-title\" tabindex=\"0\">Betriebliche Praktika und Kooperationen<\/a>\n\t\t\t\t\t<\/div>\n\n\t\t\t\t\t<div id=\"elementor-tab-content-6744\" class=\"elementor-tab-content elementor-clearfix\" data-tab=\"4\" role=\"region\" aria-labelledby=\"elementor-tab-title-6744\"><p><span class=\"style_2\">Betriebliche Praktika und Kooperationen<\/span>\u00a0dienen als Werkzeug erlernte Fertigkeiten nachhaltig zu festigen und erweitern, neue berufliche Arbeitsfelder kennen zu lernen und aus zu loten bzw. vor Ort eigene Grenzen zu erweitern. Gemeinsames Entwickeln realistischer beruflicher Perspektiven (einhergehend) mit individueller Qualifikation sind Voraussetzungen einer Inklusion am 1. Arbeitsmarkt in unterschiedlichsten Formen \u2013 bis hin zu einer m\u00f6glichen Anstellung.<\/p><\/div>\n\t\t\t\t<\/div>\n\t\t\t\t\t\t\t\t<\/div>\n\t\t\t\t\t\t<\/div>\n\t\t\t\t<\/div>\n\t\t\t\t\t<\/div>\n\t\t<\/div>\n\t\t\t\t\t<\/div>\n\t\t<\/section>\n\t\t\t\t<section class=\"elementor-section elementor-top-section elementor-element elementor-element-c0c3016 elementor-section-boxed elementor-section-height-default elementor-section-height-default\" data-id=\"c0c3016\" data-element_type=\"section\" data-e-type=\"section\">\n\t\t\t\t\t\t<div class=\"elementor-container elementor-column-gap-default\">\n\t\t\t\t\t<div class=\"elementor-column elementor-col-50 elementor-top-column elementor-element elementor-element-f3d7457\" data-id=\"f3d7457\" data-element_type=\"column\" data-e-type=\"column\">\n\t\t\t<div class=\"elementor-widget-wrap elementor-element-populated\">\n\t\t\t\t\t\t<div class=\"elementor-element elementor-element-02123a4 eael-team-align-centered elementor-widget elementor-widget-eael-team-member\" data-id=\"02123a4\" data-element_type=\"widget\" data-e-type=\"widget\" data-widget_type=\"eael-team-member.default\">\n\t\t\t\t<div class=\"elementor-widget-container\">\n\t\t\t\t\t\n\n\t<div id=\"eael-team-member-02123a4\" class=\"eael-team-item eael-team-members-simple \">\n\t\t<div class=\"eael-team-item-inner\">\n\t\t\t<div class=\"eael-team-image\">\n\t\t\t\t<figure>\n\t\t\t\t\t<img decoding=\"async\" src=\"\" alt=\"\">\n\t\t\t\t<\/figure>\n\t\t\t\t\n\t\t\t\t\n\t\t\t<\/div>\n\n\t\t\t<div class=\"eael-team-content\">\n\t\t\t\t<h3 class=\"eael-team-member-name\">Sabine Auer, MA<\/h3>\n\t\t\t\t<h4 class=\"eael-team-member-position\"><\/h4>\n\n\t\t\t\t\t\t\t\t\t\t\t\t\t\t<p class=\"eael-team-text\">\nsabine.auer@pius-institut.at\n\n+43\/699\/151793-62\n\n<\/p>\n\t\t\t\t\t\t\t<\/div>\n\t\t<\/div>\n\t<\/div>\n\t\t\t\t\t<\/div>\n\t\t\t\t<\/div>\n\t\t\t\t\t<\/div>\n\t\t<\/div>\n\t\t\t\t<div class=\"elementor-column elementor-col-50 elementor-top-column elementor-element elementor-element-d68cc5c\" data-id=\"d68cc5c\" data-element_type=\"column\" data-e-type=\"column\">\n\t\t\t<div class=\"elementor-widget-wrap elementor-element-populated\">\n\t\t\t\t\t\t<div class=\"elementor-element elementor-element-ed2c8c6 eael-team-align-centered elementor-widget elementor-widget-eael-team-member\" data-id=\"ed2c8c6\" data-element_type=\"widget\" data-e-type=\"widget\" data-widget_type=\"eael-team-member.default\">\n\t\t\t\t<div class=\"elementor-widget-container\">\n\t\t\t\t\t\n\n\t<div id=\"eael-team-member-ed2c8c6\" class=\"eael-team-item eael-team-members-simple \">\n\t\t<div class=\"eael-team-item-inner\">\n\t\t\t<div class=\"eael-team-image\">\n\t\t\t\t<figure>\n\t\t\t\t\t<img decoding=\"async\" src=\"\" alt=\"\">\n\t\t\t\t<\/figure>\n\t\t\t\t\n\t\t\t\t\n\t\t\t<\/div>\n\n\t\t\t<div class=\"eael-team-content\">\n\t\t\t\t<h3 class=\"eael-team-member-name\">Stefan Salzger<\/h3>\n\t\t\t\t<h4 class=\"eael-team-member-position\"><\/h4>\n\n\t\t\t\t\t\t\t\t\t\t\t\t\t\t<p class=\"eael-team-text\">\narbeitstraining@pius-institut.at\n\n+43\/699\/151793-63<\/p>\n\t\t\t\t\t\t\t<\/div>\n\t\t<\/div>\n\t<\/div>\n\t\t\t\t\t<\/div>\n\t\t\t\t<\/div>\n\t\t\t\t\t<\/div>\n\t\t<\/div>\n\t\t\t\t\t<\/div>\n\t\t<\/section>\n\t\t\t\t<\/div>\n\t\t","protected":false},"excerpt":{"rendered":"<p>P\u00e4dagogische Begleitung und berufliche Inklusion Die\u00a0Teilqualifizierungslehre (Integrative Berufsausbildung \u00a7 8b Abs. 2 BAG)\u00a0kann aufgrund gesetzlicher Weisung des Landes Steiermark derzeit nicht angeboten werden (Subsidiarit\u00e4t). Mit dem neuen Angebot der\u00a0ANLEHRE\u00a0versuchen wir nun den M\u00f6glichkeiten der TQL so nahe als m\u00f6glich zu kommen. Die ersten TeilnehmerInnen beginnen am 1. April 2017. Zielgruppe Sowohl KlientInnen mit dem Leistungsbescheid [&hellip;]<\/p>\n","protected":false},"author":1,"featured_media":0,"parent":0,"menu_order":0,"comment_status":"closed","ping_status":"closed","template":"","meta":{"footnotes":""},"class_list":["post-362","page","type-page","status-publish","hentry"],"_links":{"self":[{"href":"https:\/\/www.pius-institut.at\/index.php?rest_route=\/wp\/v2\/pages\/362","targetHints":{"allow":["GET"]}}],"collection":[{"href":"https:\/\/www.pius-institut.at\/index.php?rest_route=\/wp\/v2\/pages"}],"about":[{"href":"https:\/\/www.pius-institut.at\/index.php?rest_route=\/wp\/v2\/types\/page"}],"author":[{"embeddable":true,"href":"https:\/\/www.pius-institut.at\/index.php?rest_route=\/wp\/v2\/users\/1"}],"replies":[{"embeddable":true,"href":"https:\/\/www.pius-institut.at\/index.php?rest_route=%2Fwp%2Fv2%2Fcomments&post=362"}],"version-history":[{"count":44,"href":"https:\/\/www.pius-institut.at\/index.php?rest_route=\/wp\/v2\/pages\/362\/revisions"}],"predecessor-version":[{"id":3270,"href":"https:\/\/www.pius-institut.at\/index.php?rest_route=\/wp\/v2\/pages\/362\/revisions\/3270"}],"wp:attachment":[{"href":"https:\/\/www.pius-institut.at\/index.php?rest_route=%2Fwp%2Fv2%2Fmedia&parent=362"}],"curies":[{"name":"wp","href":"https:\/\/api.w.org\/{rel}","templated":true}]}}